{"id":1210,"date":"2017-06-26T11:06:52","date_gmt":"2017-06-26T10:06:52","guid":{"rendered":"http:\/\/www.saborbio.com\/?page_id=1210"},"modified":"2018-06-29T22:43:24","modified_gmt":"2018-06-29T21:43:24","slug":"oportunidades","status":"publish","type":"page","link":"https:\/\/www.saborbio.com\/pt\/oportunidades\/","title":{"rendered":"oportunidades"},"content":{"rendered":"<h1>oportunidades<\/h1>\n<div class=\"divider_padding\"><\/div>\n<div class=\"one_half\"><h3>junte-se a n\u00f3s!<\/h3>\n<div class=\"divider_padding\"><\/div>\n<p style=\"text-align: justify\">A SABOR BIO \u00e9 uma empresa que se dedica \u00e0 <strong>transforma\u00e7\u00e3o de fruta biol\u00f3gica<\/strong>. Produzimos licores e aguardentes de fruta, condimentos e temperos &#8211; vinagre de sidra e piri-piri &#8211; fruta desidratada e sumos de fruta. Todos os nossos produtos s\u00e3o certificados como sendo biol\u00f3gicos.<\/p>\n<p style=\"text-align: justify\">Estamos localizados na Moita de Alvorninha, uma pequena aldeia perto das <strong>Caldas da Rainha<\/strong>, onde est\u00e3o situados os nossos terrenos agr\u00edcolas, e onde produzimos grande parte da fruta que utilizamos na produ\u00e7\u00e3o dos nossos produtos.<\/p>\n<p style=\"text-align: justify\">Temos uma liga\u00e7\u00e3o muito forte \u00e0 natureza &#8211; que \u00e9 quem nos d\u00e1 a mat\u00e9ria-prima com que trabalhamos &#8211; e consideramos que devemos sempre procurar trabalhar em conjunto com ela, e n\u00e3o \u00e0 sua revelia. Para tal procuramos utilizar t\u00e9cnicas amigas do ambiente, e energias renov\u00e1veis, sempre que poss\u00edvel. Procuramos tomar conta da natureza para que ela tamb\u00e9m tome conta de n\u00f3s.<\/p>\n<p style=\"text-align: justify\">Surgimos como forma de valorizar a fruta, que \u00e9 naturalmente perec\u00edvel, em produtos que se conservam bem. Temos uma preocupa\u00e7\u00e3o muito grande com a <strong>qualidade dos nossos produtos<\/strong> &#8211; sejam eles a fruta em fresco, sejam eles os produtos transformados.<\/p>\n<p style=\"text-align: justify\">Escolhemos produtos que nos permitem fazer um bom aproveitamento da fruta que temos dispon\u00edvel &#8211; produtos saborosos para todos os gostos &#8211; procurando ao mesmo tempo substituir importa\u00e7\u00f5es. Consideramos um desperd\u00edcio que n\u00e3o se aproveite o conhecimento e as mat\u00e9rias-primas do nosso pa\u00eds.<\/p>\n<p style=\"text-align: justify\">Baseamos os nossos m\u00e9todos de produ\u00e7\u00e3o em <strong>t\u00e9cnicas de produ\u00e7\u00e3o tradicionais<\/strong>, mas procuramos inovar sempre que poss\u00edvel &#8211; sempre que a inova\u00e7\u00e3o nos permita ser mais eficientes, e baixar os custos dos nossos produtos, sem colocar em causa a qualidade destes.<\/p>\n<p style=\"text-align: justify\">Estamos num sector em franco crescimento, n\u00e3o s\u00f3 em Portugal mas em todo o mundo, e a SABOR BIO tem sabido ir de encontro \u00e0 procura que tem havido por produtos biol\u00f3gicos. Desde que come\u00e7\u00e1mos a laborar em 2011, a procura pelos nossos produtos n\u00e3o tem parado de aumentar. Para podermos acompanhar este crescimento estamos a precisar de pessoas para integrarem a nossa equipa.<\/p>\n<p style=\"text-align: justify\">Estamos empenhados em criar um local de trabalho informal, aberto, n\u00e3o-hierarquico, amig\u00e1vel e onde impera um forte espirito de equipa. Um local de trabalho onde as pessoas se sintam confort\u00e1veis e onde queiram estar, onde se possam sentir realizadas quer a n\u00edvel pessoal quer a n\u00edvel profissional.<\/p>\n<div class=\"divider_padding\"><\/div>\n<p style=\"text-align: justify\"><strong>Se tiver interesse em se juntar a n\u00f3s, clique na oferta de emprego em que tem interesse para saber mais informa\u00e7\u00f5es e fazer a sua candidatura.<\/strong><\/p>\n<div class=\"divider_padding\"><\/div>\n<h3>estamos de momento \u00e0 procura de&#8230;<\/h3>\n<div class=\"divider_padding\"><\/div>\n<div id=\"framed_box_353aac9d25d1b6367f297a9f01bbfd7d\" class=\"framed_box rounded\">\n\t<div class=\"framed_box_content\" style=\"background-color:transparent;\">\n\t\t\n<ul class=\"list_arrow list_outside\">\n<li>\n<h4><a href=\"https:\/\/www.saborbio.com\/oportunidades\/trabalhador-a-de-servicos-auxiliares\/\"><strong>Trabalhador\/a de servi\u00e7os auxiliares<\/strong><\/a><\/h4>\n<\/li>\n<\/ul>\n\t\t<div class=\"framed_box_space\"><\/div>\n\t<\/div>\n<\/div>\n<style>#framed_box_353aac9d25d1b6367f297a9f01bbfd7d .framed_box_content a:hover,\n#framed_box_353aac9d25d1b6367f297a9f01bbfd7d .framed_box_content a:active {\n\tcolor: #7dbd00;\n}<\/style><\/div>\n<div class=\"one_half last\"><h3>como concorrer?<\/h3>\n<div class=\"divider_padding\"><\/div>\n<p style=\"text-align: justify\">Por favor concorra preenchendo o <strong>formul\u00e1rio online<\/strong> que disponibilizamos para o efeito. Candidaturas feitas por email ou por qualquer outra forma n\u00e3o ser\u00e3o consideradas.<\/p>\n<p style=\"text-align: justify\">Clique na oferta de emprego em que tem interesse para aceder ao formul\u00e1rio de candidatura.<\/p>\n<p style=\"text-align: justify\">N\u00e3o ser\u00e1 necess\u00e1rio anexar quaisquer documentos &#8211; cv, diplomas ou refer\u00eancias &#8211; ao formul\u00e1rio.<\/p>\n<div class=\"divider_padding\"><\/div>\n<h3>a nossa resposta<\/h3>\n<div class=\"divider_padding\"><\/div>\n<p style=\"text-align: justify\">Iremos avaliar a sua candidatura com aten\u00e7\u00e3o e, caso o seu perfil esteja de acordo com a oferta de emprego a que se candidatou, iremos entrar em contacto consigo. No geral, n\u00e3o demoramos mais de 2 semanas para contactar a pessoa para uma entrevista.<\/p>\n<p style=\"text-align: justify\">Infelizmente n\u00e3o nos \u00e9 poss\u00edvel responder a todas as candidaturas. Caso n\u00e3o entremos em contacto consigo num espa\u00e7o de 2 semanas \u00e9 porque infelizmente consideramos que a sua candidatura n\u00e3o se adequa \u00e0 oferta de emprego escolhida.<\/p>\n<p style=\"text-align: justify\">A SABOR BIO pratica uma pol\u00edtica de igualdade de oportunidades. Estamos empenhados em tratar todas as pessoas que trabalham, e se candidatam a trabalhar, na nossa empresa igualmente, independentemente do g\u00e9nero, estado civil, ra\u00e7a, origem \u00e9tnica, cren\u00e7as religiosas, orienta\u00e7\u00e3o sexual ou idade.<\/p>\n<p style=\"text-align: justify\">A SABOR BIO ir\u00e1 verificar refer\u00eancias e perfis em redes sociais como parte dos procedimentos aquando da fase das entrevistas.<\/p>\n<p style=\"text-align: justify\">Agradecemos que traga todos os documentos que considere relevantes aquando da entrevista &#8211; diplomas e refer\u00eancias. Caso seja necess\u00e1rio algum documento especifico enviaremos essa informa\u00e7\u00e3o aquando do pedido para realizar a entrevista.<\/p>\n<div class=\"divider_padding\"><\/div>\n<h3>candidaturas espont\u00e2neas<\/h3>\n<div class=\"divider_padding\"><\/div>\n<p style=\"text-align: justify\">Caso n\u00e3o exista nenhuma oferta de emprego, ou caso o seu perfil n\u00e3o se adeque a nenhuma das ofertas de emprego existentes, poder\u00e1 sempre fazer uma candidatura espont\u00e2nea. Todos os dados que recebemos de candidaturas espont\u00e2neas s\u00e3o mantidos numa base de dados que \u00e9 verificada sempre que abrimos novas candidaturas.<\/p>\n<p style=\"text-align: justify\">\u00c9 necess\u00e1rio ter em aten\u00e7\u00e3o, no entanto, que sempre que procuramos algu\u00e9m para um novo cargo damos sempre prefer\u00eancia a quem j\u00e1 trabalha connosco. Queremos que os nossos colaboradores tenham perspectivas de futuro com a nossa empresa, como tal as progress\u00f5es na carreira s\u00e3o a norma. S\u00f3 contratamos pessoas novas caso n\u00e3o encontremos algu\u00e9m com o perfil adequado j\u00e1 a trabalhar connosco.<\/p>\n<p style=\"text-align: justify\">Se mesmo assim quiser concorrer poder\u00e1 faz\u00ea-lo usando o nosso formul\u00e1rio online <a href=\"http:\/\/www.saborbio.com\/oportunidades\/candidatura-espontanea\/\">aqui<\/a>.<\/p><\/div><div class=\"clearboth\"><\/div>","protected":false},"excerpt":{"rendered":"<p>oportunidades<\/p>\n","protected":false},"author":1,"featured_media":0,"parent":0,"menu_order":0,"comment_status":"closed","ping_status":"closed","template":"","meta":{"footnotes":""},"_links":{"self":[{"href":"https:\/\/www.saborbio.com\/pt\/wp-json\/wp\/v2\/pages\/1210"}],"collection":[{"href":"https:\/\/www.saborbio.com\/pt\/wp-json\/wp\/v2\/pages"}],"about":[{"href":"https:\/\/www.saborbio.com\/pt\/wp-json\/wp\/v2\/types\/page"}],"author":[{"embeddable":true,"href":"https:\/\/www.saborbio.com\/pt\/wp-json\/wp\/v2\/users\/1"}],"replies":[{"embeddable":true,"href":"https:\/\/www.saborbio.com\/pt\/wp-json\/wp\/v2\/comments?post=1210"}],"version-history":[{"count":20,"href":"https:\/\/www.saborbio.com\/pt\/wp-json\/wp\/v2\/pages\/1210\/revisions"}],"predecessor-version":[{"id":1439,"href":"https:\/\/www.saborbio.com\/pt\/wp-json\/wp\/v2\/pages\/1210\/revisions\/1439"}],"wp:attachment":[{"href":"https:\/\/www.saborbio.com\/pt\/wp-json\/wp\/v2\/media?parent=1210"}],"curies":[{"name":"wp","href":"https:\/\/api.w.org\/{rel}","templated":true}]}}